{"id":725,"date":"2025-04-15T21:29:34","date_gmt":"2025-04-15T21:29:34","guid":{"rendered":"https:\/\/alanyakonteyner.com\/300x700-k102-catili-tek-oda-bos-konteyner\/"},"modified":"2025-05-11T21:42:14","modified_gmt":"2025-05-11T21:42:14","slug":"300x700-k102-einraum-leercontainer-mit-dach","status":"publish","type":"product","link":"https:\/\/alanyakonteyner.com\/de\/300x700-k102-einraum-leercontainer-mit-dach\/","title":{"rendered":"300\u00d7700 K102 Einraum-Leercontainer mit Dach"},"content":{"rendered":"","protected":false},"excerpt":{"rendered":"<h2 data-start=\"1707\" data-end=\"1773\">300\u00d7700 K102 Einraum-Leercontainer mit Dach \u2013 Alanya Konteyner<\/h2>\n<p class=\"\" data-start=\"1775\" data-end=\"2016\">Bei Alanya Konteyner haben wir unser 300\u00d7700 K102 Einraum-Containermodell mit Dach f\u00fcr Kunden entwickelt, die eine sowohl \u00e4sthetische als auch langlebige L\u00f6sung suchen. Mit seinem schlichten Design bietet es vielseitige Einsatzm\u00f6glichkeiten.<\/p>\n<p class=\"\" data-start=\"2018\" data-end=\"2293\">Der gro\u00dfz\u00fcgige, vollst\u00e4ndig anpassbare Innenraum erm\u00f6glicht die Nutzung als B\u00fcro, Lagerraum, Sicherheitskabine oder tempor\u00e4re Unterkunft. Das moderne, geneigte Dach sorgt nicht nur f\u00fcr eine ansprechende Optik, sondern bietet auch zus\u00e4tzlichen Schutz vor Witterungseinfl\u00fcssen.<\/p>\n<p class=\"\" data-start=\"2295\" data-end=\"2523\">Hochwertige Sandwichpaneele an W\u00e4nden und Decke gew\u00e4hrleisten ganzj\u00e4hrig eine effektive W\u00e4rme- und Schalld\u00e4mmung. Die leichte, transportfreundliche Bauweise erm\u00f6glicht einen schnellen Transport und eine einfache Montage vor Ort.<\/p>\n<p class=\"\" data-start=\"2525\" data-end=\"2691\">Unser K102 Modell mit Dach ist die ideale Wahl f\u00fcr alle, die eine schnelle, wirtschaftliche und langlebige Containerl\u00f6sung f\u00fcr private oder gewerbliche Zwecke suchen.<\/p>\n<h3 class=\"\" data-start=\"2693\" data-end=\"2711\">Hauptmerkmale:<\/h3>\n<ul data-start=\"2712\" data-end=\"2918\">\n<li class=\"\" data-start=\"2712\" data-end=\"2746\">\n<p class=\"\" data-start=\"2714\" data-end=\"2746\">1 ger\u00e4umiger, leerer Innenraum<\/p>\n<\/li>\n<li class=\"\" data-start=\"2747\" data-end=\"2784\">\n<p class=\"\" data-start=\"2749\" data-end=\"2784\">\u00c4sthetisches geneigtes Dachdesign<\/p>\n<\/li>\n<li class=\"\" data-start=\"2785\" data-end=\"2835\">\n<p class=\"\" data-start=\"2787\" data-end=\"2835\">W\u00e4rme- und Schalld\u00e4mmung durch Sandwichpaneele<\/p>\n<\/li>\n<li class=\"\" data-start=\"2836\" data-end=\"2873\">\n<p class=\"\" data-start=\"2838\" data-end=\"2873\">Leichte, transportf\u00e4hige Struktur<\/p>\n<\/li>\n<li class=\"\" data-start=\"2874\" data-end=\"2918\">\n<p class=\"\" data-start=\"2876\" data-end=\"2918\">Schnelle Montage und einfacher Transport<\/p>\n<\/li>\n<\/ul>\n<p class=\"\" data-start=\"2920\" data-end=\"3142\">Wenn Sie in Alanya nach einem Container suchen, der sowohl \u00e4sthetisch als auch vielseitig einsetzbar ist, ist unser K102 Modell mit Dach genau das Richtige. Kontaktieren Sie uns \u2013 gemeinsam finden wir Ihre optimale L\u00f6sung.<\/p>\n","protected":false},"featured_media":525,"comment_status":"open","ping_status":"closed","template":"","meta":{"_joinchat":[]},"product_brand":[],"product_cat":[44],"product_tag":[],"class_list":{"0":"post-725","1":"product","2":"type-product","3":"status-publish","4":"has-post-thumbnail","6":"product_cat-standardcontainer","8":"first","9":"instock","10":"shipping-taxable","11":"product-type-simple"},"_links":{"self":[{"href":"https:\/\/alanyakonteyner.com\/de\/wp-json\/wp\/v2\/product\/725","targetHints":{"allow":["GET"]}}],"collection":[{"href":"https:\/\/alanyakonteyner.com\/de\/wp-json\/wp\/v2\/product"}],"about":[{"href":"https:\/\/alanyakonteyner.com\/de\/wp-json\/wp\/v2\/types\/product"}],"replies":[{"embeddable":true,"href":"https:\/\/alanyakonteyner.com\/de\/wp-json\/wp\/v2\/comments?post=725"}],"wp:featuredmedia":[{"embeddable":true,"href":"https:\/\/alanyakonteyner.com\/de\/wp-json\/wp\/v2\/media\/525"}],"wp:attachment":[{"href":"https:\/\/alanyakonteyner.com\/de\/wp-json\/wp\/v2\/media?parent=725"}],"wp:term":[{"taxonomy":"product_brand","embeddable":true,"href":"https:\/\/alanyakonteyner.com\/de\/wp-json\/wp\/v2\/product_brand?post=725"},{"taxonomy":"product_cat","embeddable":true,"href":"https:\/\/alanyakonteyner.com\/de\/wp-json\/wp\/v2\/product_cat?post=725"},{"taxonomy":"product_tag","embeddable":true,"href":"https:\/\/alanyakonteyner.com\/de\/wp-json\/wp\/v2\/product_tag?post=725"}],"curies":[{"name":"wp","href":"https:\/\/api.w.org\/{rel}","templated":true}]}}