{"id":729,"date":"2025-04-15T21:30:06","date_gmt":"2025-04-15T21:30:06","guid":{"rendered":"https:\/\/alanyakonteyner.com\/300x700-k201-a-iki-oda-bos-konteyner\/"},"modified":"2025-05-11T21:53:13","modified_gmt":"2025-05-11T21:53:13","slug":"300x700-k201-a-zweiraum-leercontainer","status":"publish","type":"product","link":"https:\/\/alanyakonteyner.com\/de\/300x700-k201-a-zweiraum-leercontainer\/","title":{"rendered":"300\u00d7700 K201-A Zweiraum-Leercontainer"},"content":{"rendered":"","protected":false},"excerpt":{"rendered":"<h2 data-start=\"1744\" data-end=\"1804\">300\u00d7700 K201-A Zweiraum-Leercontainer \u2013 Alanya Konteyner<\/h2>\n<p class=\"\" data-start=\"1806\" data-end=\"2088\">Bei Alanya Konteyner haben wir das 300\u00d7700 K201-A Zweiraum-Leercontainermodell f\u00fcr Kunden entwickelt, die eine schlichte, flexible und vielseitige L\u00f6sung f\u00fcr unterschiedliche Anforderungen suchen. Dank des gro\u00dfz\u00fcgigen Innenraums bietet dieses Modell zahlreiche Einsatzm\u00f6glichkeiten.<\/p>\n<p class=\"\" data-start=\"2090\" data-end=\"2397\">Die zwei getrennten R\u00e4ume erm\u00f6glichen eine unabh\u00e4ngige Nutzung der Bereiche. Dieses Modell eignet sich ideal als Baustellenb\u00fcro, Lagerraum, tempor\u00e4re Unterkunft oder Einheit in sozialen Einrichtungen. Der leere Innenraum l\u00e4sst sich individuell anpassen \u2013 f\u00fcr flexible L\u00f6sungen bei verschiedensten Projekten.<\/p>\n<p class=\"\" data-start=\"2399\" data-end=\"2675\">Mit hochwertigen Sandwichpaneelen an W\u00e4nden und Decke bieten wir ganzj\u00e4hrig eine effektive W\u00e4rme- und Schalld\u00e4mmung \u2013 f\u00fcr komfortable Nutzung zu jeder Jahreszeit. Durch seine leichte und mobile Bauweise ist der Container einfach zu transportieren und schnell vor Ort montiert.<\/p>\n<p class=\"\" data-start=\"2677\" data-end=\"2829\">Das K201-A Modell ist eine wirtschaftliche, mobile und langlebige Containerl\u00f6sung mit funktionalem und klarem Design \u2013 ideal f\u00fcr flexible Anforderungen.<\/p>\n<h3 class=\"\" data-start=\"2831\" data-end=\"2849\">Hauptmerkmale:<\/h3>\n<ul data-start=\"2850\" data-end=\"3021\">\n<li class=\"\" data-start=\"2850\" data-end=\"2873\">\n<p class=\"\" data-start=\"2852\" data-end=\"2873\">2 unabh\u00e4ngige R\u00e4ume<\/p>\n<\/li>\n<li class=\"\" data-start=\"2874\" data-end=\"2922\">\n<p class=\"\" data-start=\"2876\" data-end=\"2922\">Leeres, individuell gestaltbares Innenlayout<\/p>\n<\/li>\n<li class=\"\" data-start=\"2923\" data-end=\"2972\">\n<p class=\"\" data-start=\"2925\" data-end=\"2972\">W\u00e4rme- und Schalld\u00e4mmung mit Sandwichpaneelen<\/p>\n<\/li>\n<li class=\"\" data-start=\"2973\" data-end=\"3021\">\n<p class=\"\" data-start=\"2975\" data-end=\"3021\">Leichtbauweise, mobil und schnell montierbar<\/p>\n<\/li>\n<\/ul>\n<p class=\"\" data-start=\"3023\" data-end=\"3215\">Wenn Sie in Alanya vielseitige, leere und anpassbare Containerl\u00f6sungen suchen, ist unser K201-A Modell die ideale Wahl. Lassen Sie uns gemeinsam die passende L\u00f6sung f\u00fcr Ihr Projekt entwickeln.<\/p>\n","protected":false},"featured_media":533,"comment_status":"open","ping_status":"closed","template":"","meta":{"_joinchat":[]},"product_brand":[],"product_cat":[44],"product_tag":[],"class_list":{"0":"post-729","1":"product","2":"type-product","3":"status-publish","4":"has-post-thumbnail","6":"product_cat-standardcontainer","8":"first","9":"instock","10":"shipping-taxable","11":"product-type-simple"},"_links":{"self":[{"href":"https:\/\/alanyakonteyner.com\/de\/wp-json\/wp\/v2\/product\/729","targetHints":{"allow":["GET"]}}],"collection":[{"href":"https:\/\/alanyakonteyner.com\/de\/wp-json\/wp\/v2\/product"}],"about":[{"href":"https:\/\/alanyakonteyner.com\/de\/wp-json\/wp\/v2\/types\/product"}],"replies":[{"embeddable":true,"href":"https:\/\/alanyakonteyner.com\/de\/wp-json\/wp\/v2\/comments?post=729"}],"wp:featuredmedia":[{"embeddable":true,"href":"https:\/\/alanyakonteyner.com\/de\/wp-json\/wp\/v2\/media\/533"}],"wp:attachment":[{"href":"https:\/\/alanyakonteyner.com\/de\/wp-json\/wp\/v2\/media?parent=729"}],"wp:term":[{"taxonomy":"product_brand","embeddable":true,"href":"https:\/\/alanyakonteyner.com\/de\/wp-json\/wp\/v2\/product_brand?post=729"},{"taxonomy":"product_cat","embeddable":true,"href":"https:\/\/alanyakonteyner.com\/de\/wp-json\/wp\/v2\/product_cat?post=729"},{"taxonomy":"product_tag","embeddable":true,"href":"https:\/\/alanyakonteyner.com\/de\/wp-json\/wp\/v2\/product_tag?post=729"}],"curies":[{"name":"wp","href":"https:\/\/api.w.org\/{rel}","templated":true}]}}